{"id":377,"date":"2021-08-19T18:34:35","date_gmt":"2021-08-19T18:34:35","guid":{"rendered":"https:\/\/www.science-festival.lu\/?page_id=377"},"modified":"2025-08-14T10:01:15","modified_gmt":"2025-08-14T10:01:15","slug":"ou","status":"publish","type":"page","link":"https:\/\/www.science-festival.lu\/de\/ou\/","title":{"rendered":"Wo"},"content":{"rendered":"<div class=\"wpb-content-wrapper\"><p>[vc_row row_type=&#8220;parallax&#8220; parallax_content_width=&#8220;in_grid&#8220; text_align=&#8220;left&#8220; full_screen_section_height=&#8220;no&#8220;][vc_column][vc_empty_space height=&#8220;20&#8243;][vc_column_text]<\/p>\n<h1 style=\"text-align: center;\">Standort<\/h1>\n<p>[\/vc_column_text][vc_separator type=&#8220;small&#8220; position=&#8220;center&#8220; color=&#8220;#89c6dd&#8220; thickness=&#8220;3&#8243;][vc_empty_space height=&#8220;20&#8243;][vc_column_text]<\/p>\n<h6 style=\"text-align: center;\">Die 2025 Ausgabe des Science Festival findet im <a href=\"http:\/\/www.ccrn.lu\/\" target=\"_blank\" rel=\"noopener noreferrer\">Centre culturel de rencontre Abbaye de Neum\u00fcnster<\/a><br \/>\nund im <a href=\"https:\/\/www.mnhn.lu\/\" target=\"_blank\" rel=\"noopener noreferrer\">Mus\u00e9e national d\u2019histoire naturelle<\/a> in Luxembourg-Grund statt.<\/h6>\n<p style=\"text-align: center;\">Achtung, die rue M\u00fcnster und rue de Tr\u00eaves werden f\u00fcr die gesamte Dauer des Festivals geschlossen bleiben.<br \/>\nWir empfehlen die Nutzung \u00f6ffentlicher Verkehrsmittel um am Festival teilzunehmen.<\/p>\n<p>[\/vc_column_text][vc_empty_space height=&#8220;50&#8243;][\/vc_column][\/vc_row][vc_row css_animation=&#8220;&#8220; row_type=&#8220;row&#8220; use_row_as_full_screen_section=&#8220;no&#8220; type=&#8220;full_width&#8220; angled_section=&#8220;no&#8220; text_align=&#8220;left&#8220; background_image_as_pattern=&#8220;without_pattern&#8220;][vc_column][vc_gmaps link=&#8220;#E-8_JTNDaWZyYW1lJTIwc3JjJTNEJTIyaHR0cHMlM0ElMkYlMkZ3d3cuZ29vZ2xlLmNvbSUyRm1hcHMlMkZlbWJlZCUzRnBiJTNEJTIxMW0xOCUyMTFtMTIlMjExbTMlMjExZDI1ODUuMzU4NDMwODA0MDIxJTIxMmQ2LjEzMzQwODY1MTk5ODYyMTUlMjEzZDQ5LjYwOTg0Njk3OTI2Njk4JTIxMm0zJTIxMWYwJTIxMmYwJTIxM2YwJTIxM20yJTIxMWkxMDI0JTIxMmk3NjglMjE0ZjEzLjElMjEzbTMlMjExbTIlMjExczB4NDc5NTQ4Y2Q1MjEwMWQ2OSUyNTNBMHg2YzcyNzhjZGNmMTgwYTI5JTIxMnNMdXhlbWJvdXJnJTI1MjBOYXRpb25hbCUyNTIwTXVzZXVtJTI1MjBvZiUyNTIwTmF0dXJhbCUyNTIwSGlzdG9yeSUyMTVlMCUyMTNtMiUyMTFzZGUlMjEyc2x1JTIxNHYxNjI5NDQ3MjYwNTEwJTIxNW0yJTIxMXNkZSUyMTJzbHUlMjIlMjB3aWR0aCUzRCUyMjYwMCUyMiUyMGhlaWdodCUzRCUyMjQ1MCUyMiUyMHN0eWxlJTNEJTIyYm9yZGVyJTNBMCUzQiUyMiUyMGFsbG93ZnVsbHNjcmVlbiUzRCUyMiUyMiUyMGxvYWRpbmclM0QlMjJsYXp5JTIyJTNFJTNDJTJGaWZyYW1lJTNF&#8220; css_animation=&#8220;none&#8220;][vc_empty_space height=&#8220;50&#8243;][\/vc_column][\/vc_row][vc_row css_animation=&#8220;&#8220; row_type=&#8220;row&#8220; use_row_as_full_screen_section=&#8220;no&#8220; type=&#8220;full_width&#8220; angled_section=&#8220;no&#8220; text_align=&#8220;left&#8220; background_image_as_pattern=&#8220;without_pattern&#8220;][vc_column][vc_column_text]<\/p>\n<h1 style=\"text-align: center;\">Adressen<\/h1>\n<p>[\/vc_column_text][vc_separator type=&#8220;small&#8220; position=&#8220;center&#8220; color=&#8220;#89c6dd&#8220; thickness=&#8220;3&#8243;][vc_empty_space height=&#8220;50&#8243;][vc_row_inner row_type=&#8220;row&#8220; type=&#8220;full_width&#8220; text_align=&#8220;left&#8220; css_animation=&#8220;&#8220;][vc_column_inner width=&#8220;1\/4&#8243;][\/vc_column_inner][vc_column_inner width=&#8220;1\/4&#8243;][vc_column_text]<\/p>\n<p style=\"text-align: center;\"><strong>Centre culturel de rencontre<br \/>\nAbbaye de Neum\u00fcnster<\/strong><\/p>\n<p style=\"text-align: center;\">28, rue M\u00fcnster | L-2160 Luxembourg<br \/>\nTel. : +352 26 20 52 -1<br \/>\nEmail : <a href=\"mailto:contact@neimenster.lu\">contact@neimenster.lu<\/a><br \/>\nURL :\u00a0<a href=\"http:\/\/www.neimenster.lu\/\" target=\"_blank\" rel=\"noopener noreferrer\">www.neimenster.lu<\/a><\/p>\n<p>[\/vc_column_text][\/vc_column_inner][vc_column_inner width=&#8220;1\/4&#8243;][vc_column_text]<\/p>\n<p style=\"text-align: center;\"><strong>Mus\u00e9e national d\u2019histoire<br \/>\nnaturelle<\/strong><\/p>\n<p style=\"text-align: center;\">25, rue M\u00fcnster | L-2160 Luxembourg<br \/>\nTel.: +352 46 22 33 -1<br \/>\nEmail : <a href=\"mailto:musee-info@mnhn.lu\">musee-info@mnhn.lu<\/a><br \/>\nURL :\u00a0<a href=\"http:\/\/www.mnhn.lu\/\" target=\"_blank\" rel=\"noopener noreferrer\">www.mnhn.lu<\/a><\/p>\n<p>[\/vc_column_text][\/vc_column_inner][vc_column_inner width=&#8220;1\/4&#8243;][\/vc_column_inner][\/vc_row_inner][vc_empty_space height=&#8220;50&#8243;][vc_column_text]<\/p>\n<h1 style=\"text-align: center;\">Transportinfos<\/h1>\n<p>[\/vc_column_text][vc_separator type=&#8220;small&#8220; position=&#8220;center&#8220; color=&#8220;#89c6dd&#8220; thickness=&#8220;3&#8243;][vc_empty_space height=&#8220;20&#8243;][vc_row_inner row_type=&#8220;row&#8220; type=&#8220;full_width&#8220; text_align=&#8220;left&#8220; css_animation=&#8220;&#8220; css=&#8220;.vc_custom_1750407611898{padding-top: 30px !important;padding-right: 30px !important;padding-bottom: 30px !important;padding-left: 30px !important;background-color: #FFD200 !important;}&#8220;][vc_column_inner width=&#8220;1\/4&#8243;]<span data-type=\"normal\"  class=\"qode_icon_shortcode q_font_awsome_icon fa-2x pull-center q_icon_animation\" style=\" \"><i class=\"qode_icon_font_awesome fa fa-train qode_icon_element\" style=\"color: #7e5090;\" ><\/i><\/span>[vc_empty_space height=&#8220;15&#8243;][vc_column_text]<\/p>\n<h2 style=\"text-align: center;\">Mit dem Zug<\/h2>\n<p style=\"text-align: center;\">Vom Bahnhof Luxemburg oder vom Bahnhof Pfaffenthal\/Kirchberg sind es etwa 15 Minuten Fu\u00dfweg zum Gel\u00e4nde des Science Festivals.<\/p>\n<p>[\/vc_column_text][\/vc_column_inner][vc_column_inner width=&#8220;1\/4&#8243;]<span data-type=\"normal\"  class=\"qode_icon_shortcode q_font_awsome_icon fa-2x pull-center q_icon_animation\" style=\" \"><i class=\"qode_icon_font_awesome fa fa-bus qode_icon_element\" style=\"color: #7e5090;\" ><\/i><\/span>[vc_empty_space height=&#8220;15&#8243;][vc_column_text]<\/p>\n<h2 style=\"text-align: center;\">Bus Linie 23<\/h2>\n<p style=\"text-align: center;\">Gasperich, P. Hogenberg &#8211; Beggen, Henri Dunant Haltestelle Stadgronn-Br\u00e9ck (Montag bis Freitag alle 20 Minuten und Samstag &amp; Sonntag alle 30 Minuten).<\/p>\n<p>[\/vc_column_text][\/vc_column_inner][vc_column_inner width=&#8220;1\/4&#8243;]<span data-type=\"normal\"  class=\"qode_icon_shortcode q_font_awsome_icon fa-2x pull-center q_icon_animation\" style=\" \"><i class=\"qode_icon_font_awesome fa fa-bus qode_icon_element\" style=\"color: #7e5090;\" ><\/i><\/span>[vc_empty_space height=&#8220;15&#8243;][vc_column_text]<\/p>\n<h2 style=\"text-align: center;\">Bus Linie 14 &amp; 15<strong><br \/>\n<\/strong><\/h2>\n<p style=\"text-align: center;\">Haltestelle Rumm (Montag bis Freitag alle 15 Minuten und Samstag bis Sonntag alle 30 Minuten).<\/p>\n<p style=\"text-align: center;\">Andere Busse siehe: <a href=\"https:\/\/www.science-festival.lu\/wp-content\/uploads\/2021\/08\/plan_acces_sf2021_gand_public.pdf\" target=\"_blank\" rel=\"noopener\">Plan<\/a> der Haltestellen im Umkreis.<br \/>\nFahrpl\u00e4ne auf <a href=\"http:\/\/www.mobiliteit.lu\/se-deplacer\/horaires-et-reseaux\/bus\" target=\"_blank\" rel=\"noopener noreferrer\">www.mobiliteit.lu<\/a><\/p>\n<p>[\/vc_column_text][\/vc_column_inner][vc_column_inner width=&#8220;1\/4&#8243;]<span data-type=\"normal\"  class=\"qode_icon_shortcode q_font_awsome_icon fa-2x pull-center q_icon_animation\" style=\" \"><i class=\"qode_icon_font_awesome fa fa-car qode_icon_element\" style=\"color: #7e5090;\" ><\/i><\/span>[vc_empty_space height=&#8220;15&#8243;][vc_column_text]<\/p>\n<h2 style=\"text-align: center;\">Mit dem Wagen<strong><br \/>\n<\/strong><\/h2>\n<p style=\"text-align: center;\">Parkhaus Brasserie<br \/>\n(Rives de Clausen)<\/p>\n<p style=\"text-align: center;\">Parkhaus Saint-Esprit<\/p>\n<p style=\"text-align: center;\"><a href=\"http:\/\/www.vdl.lu\/se-deplacer\/en-voiture\/parkings-et-pr\" target=\"_blank\" rel=\"noopener noreferrer\">Andere Parkm\u00f6glichkeiten<\/a><\/p>\n<p>[\/vc_column_text][\/vc_column_inner][\/vc_row_inner][\/vc_column][\/vc_row][vc_column][vc_empty_space height=&#8220;50px&#8220;][\/vc_column][vc_column][\/vc_column][vc_column][\/vc_column][vc_column][\/vc_column][vc_column][\/vc_column][vc_column][\/vc_column][vc_column][\/vc_column][vc_column][\/vc_column]<\/p>\n<\/div>","protected":false},"excerpt":{"rendered":"<p>[vc_row row_type=&#8220;parallax&#8220; parallax_content_width=&#8220;in_grid&#8220; text_align=&#8220;left&#8220; full_screen_section_height=&#8220;no&#8220;][vc_column][vc_empty_space height=&#8220;20&#8243;][vc_column_text] Standort [\/vc_column_text][vc_separator type=&#8220;small&#8220; position=&#8220;center&#8220; color=&#8220;#89c6dd&#8220; thickness=&#8220;3&#8243;][vc_empty_space height=&#8220;20&#8243;][vc_column_text] Die 2025 Ausgabe des Science Festival findet im Centre culturel de rencontre Abbaye de Neum\u00fcnster und im Mus\u00e9e national d\u2019histoire naturelle in Luxembourg-Grund statt. Achtung, die rue M\u00fcnster und rue de Tr\u00eaves&#8230;<\/p>\n","protected":false},"author":1,"featured_media":0,"parent":0,"menu_order":0,"comment_status":"closed","ping_status":"open","template":"","meta":{"footnotes":""},"class_list":["post-377","page","type-page","status-publish","hentry"],"_links":{"self":[{"href":"https:\/\/www.science-festival.lu\/de\/wp-json\/wp\/v2\/pages\/377","targetHints":{"allow":["GET"]}}],"collection":[{"href":"https:\/\/www.science-festival.lu\/de\/wp-json\/wp\/v2\/pages"}],"about":[{"href":"https:\/\/www.science-festival.lu\/de\/wp-json\/wp\/v2\/types\/page"}],"author":[{"embeddable":true,"href":"https:\/\/www.science-festival.lu\/de\/wp-json\/wp\/v2\/users\/1"}],"replies":[{"embeddable":true,"href":"https:\/\/www.science-festival.lu\/de\/wp-json\/wp\/v2\/comments?post=377"}],"version-history":[{"count":89,"href":"https:\/\/www.science-festival.lu\/de\/wp-json\/wp\/v2\/pages\/377\/revisions"}],"predecessor-version":[{"id":2296,"href":"https:\/\/www.science-festival.lu\/de\/wp-json\/wp\/v2\/pages\/377\/revisions\/2296"}],"wp:attachment":[{"href":"https:\/\/www.science-festival.lu\/de\/wp-json\/wp\/v2\/media?parent=377"}],"curies":[{"name":"wp","href":"https:\/\/api.w.org\/{rel}","templated":true}]}}