{"id":373,"date":"2021-08-19T18:28:27","date_gmt":"2021-08-19T18:28:27","guid":{"rendered":"https:\/\/www.science-festival.lu\/?page_id=373"},"modified":"2025-12-09T17:00:20","modified_gmt":"2025-12-09T17:00:20","slug":"infos-pour-classes-scolaires-et-groupes","status":"publish","type":"page","link":"https:\/\/www.science-festival.lu\/de\/infos-pour-classes-scolaires-et-groupes\/","title":{"rendered":"Schulklassen und Gruppen"},"content":{"rendered":"<div class=\"wpb-content-wrapper\"><p>[vc_row css_animation=&#8220;&#8220; row_type=&#8220;row&#8220; use_row_as_full_screen_section=&#8220;no&#8220; type=&#8220;full_width&#8220; angled_section=&#8220;no&#8220; text_align=&#8220;left&#8220; background_image_as_pattern=&#8220;without_pattern&#8220; css=&#8220;.vc_custom_1758544487169{padding-top: 30px !important;padding-right: 30px !important;padding-bottom: 30px !important;padding-left: 30px !important;background-color: #FFD200 !important;}&#8220; z_index=&#8220;&#8220;][vc_column][vc_column_text css=&#8220;&#8220;]<\/p>\n<h3 style=\"text-align: center;\">244 Schulklassen und Gruppen nahmen am Science Festival 2025 teil<br \/>\nDas entspricht fast 4000 Jugendlichen mit ihren Begleitpersonen.<\/h3>\n<p>[\/vc_column_text][\/vc_column][\/vc_row][vc_row css_animation=&#8220;&#8220; row_type=&#8220;row&#8220; use_row_as_full_screen_section=&#8220;no&#8220; type=&#8220;full_width&#8220; angled_section=&#8220;no&#8220; text_align=&#8220;left&#8220; background_image_as_pattern=&#8220;without_pattern&#8220;][vc_column][vc_empty_space height=&#8220;50&#8243;][\/vc_column][\/vc_row][vc_row row_type=&#8220;parallax&#8220; parallax_content_width=&#8220;in_grid&#8220; text_align=&#8220;left&#8220; full_screen_section_height=&#8220;no&#8220;][vc_column][vc_empty_space height=&#8220;20&#8243;][vc_column_text css=&#8220;&#8220;]<\/p>\n<h1 style=\"text-align: center;\">Infos f\u00fcr Schulklassen und Gruppen der Edition 2027<\/h1>\n<p>[\/vc_column_text][vc_separator type=&#8220;small&#8220; position=&#8220;center&#8220; color=&#8220;#fc9434&#8243; thickness=&#8220;3&#8243;][vc_column_text css=&#8220;&#8220;]<\/p>\n<h6 style=\"text-align: center;\">Einige 60 Aktivit\u00e4ten (Workshops und Shows) erwarten die Besucher des Science Festivals.<br \/>\nDa sollte f\u00fcr jeden Geschmack etwas dabei sein!<\/h6>\n<p>[\/vc_column_text][vc_empty_space height=&#8220;20&#8243;][\/vc_column][\/vc_row][vc_row css_animation=&#8220;&#8220; row_type=&#8220;row&#8220; use_row_as_full_screen_section=&#8220;no&#8220; type=&#8220;full_width&#8220; angled_section=&#8220;no&#8220; text_align=&#8220;left&#8220; background_image_as_pattern=&#8220;without_pattern&#8220; css=&#8220;.vc_custom_1750407273051{padding-top: 30px !important;padding-right: 30px !important;padding-bottom: 30px !important;padding-left: 30px !important;background-color: #FFD200 !important;}&#8220; z_index=&#8220;&#8220;][vc_column width=&#8220;1\/2&#8243;][vc_column_text css=&#8220;&#8220;]<\/p>\n<h2>Zielgruppe<\/h2>\n<p><strong>Prim\u00e4rschule:<\/strong>\u00a0Zyklen 3.2, 4.1 und 4.2<\/p>\n<p><strong>Sekundarunterricht:<\/strong>\u00a07e, 6e, 5e<\/p>\n<p><strong>Gruppen<\/strong>: 10 &#8211; 15 Jahre alte Kinder[\/vc_column_text][vc_column_text css=&#8220;&#8220;]<\/p>\n<h2>Einschreibungen<\/h2>\n<p>Die Einschreibungen er\u00f6ffnen im <strong>September 2027<\/strong> und dies <strong>ausschlie\u03b2lich \u00fcber ein Formular<\/strong> auf unserer Webseite.[\/vc_column_text][vc_column_text css=&#8220;&#8220;]<\/p>\n<h2>Verpflegung<\/h2>\n<p>Picknickpl\u00e4tze sind auf dem Gel\u00e4nde vorhanden.[\/vc_column_text][\/vc_column][vc_column width=&#8220;1\/2&#8243;][vc_column_text css=&#8220;&#8220;]<\/p>\n<h2>Gruppengr\u00f6sse<\/h2>\n<p><strong>Gruppen mit mehr als 21 Sch\u00fclern \/ Kindern m\u00fcssen <\/strong><strong>in Untergruppen aufgeteilt<\/strong> werden, damit ein interaktiverer Austausch mit den Kindern m\u00f6glich ist, die Workshops aber auch nicht \u00fcberf\u00fcllt werden.[\/vc_column_text][vc_column_text css=&#8220;&#8220;]<\/p>\n<h2>Kontakt<strong><br \/>\n<\/strong><\/h2>\n<p>Mus\u00e9e national d\u2019histoire naturelle<br \/>\n25, rue M\u00fcnster<br \/>\nL-2160 Luxembourg<\/p>\n<p>Tel.: +352 46 22 33 \u2013 450 \/ 429 \/ 432<a href=\"mailto:science-festival@mnhn.lu\"><br \/>\n<\/a>E-mail: <strong><a href=\"mailto:inscriptions.science-festival@mnhn.lu\">inscriptions.science-festival@mnhn.lu<\/a><\/strong>[\/vc_column_text][\/vc_column][\/vc_row][vc_row css_animation=&#8220;&#8220; row_type=&#8220;row&#8220; use_row_as_full_screen_section=&#8220;no&#8220; type=&#8220;full_width&#8220; angled_section=&#8220;no&#8220; text_align=&#8220;left&#8220; background_image_as_pattern=&#8220;without_pattern&#8220;][vc_column][vc_empty_space height=&#8220;50&#8243;][\/vc_column][\/vc_row][vc_row css_animation=&#8220;&#8220; row_type=&#8220;row&#8220; use_row_as_full_screen_section=&#8220;no&#8220; type=&#8220;full_width&#8220; angled_section=&#8220;no&#8220; text_align=&#8220;left&#8220; background_image_as_pattern=&#8220;without_pattern&#8220;][vc_column][vc_column_text]<\/p>\n<h1 style=\"text-align: center;\">Zeitplan<\/h1>\n<p>[\/vc_column_text][vc_separator type=&#8220;small&#8220; position=&#8220;center&#8220; color=&#8220;#fc9434&#8243; thickness=&#8220;3&#8243;][vc_column_text css=&#8220;&#8220;]<\/p>\n<h6 style=\"text-align: center;\">Das Festival wird von 9:15 bis 12:00 Uhr (Block 1) und von 13:30 bis 16:30 Uhr (Block 2) ge\u00f6ffnet sein.<\/h6>\n<h6 style=\"text-align: center;\">Ihr und Ihre Sch\u00fclerInnen nehmt an einem Block teil, der aus 3 oder 4 Aktivit\u00e4ten von je 30 Minuten besteht.<br \/>\nIhr k\u00f6nnt nach der 3. Aktivit\u00e4t euren Besuch mit einen freien Besuch durchs Festival abschlie\u00dfen.<\/h6>\n<p>[\/vc_column_text][vc_empty_space height=&#8220;50&#8243;][\/vc_column][\/vc_row][vc_row css_animation=&#8220;&#8220; row_type=&#8220;row&#8220; use_row_as_full_screen_section=&#8220;no&#8220; type=&#8220;full_width&#8220; angled_section=&#8220;no&#8220; text_align=&#8220;left&#8220; background_image_as_pattern=&#8220;without_pattern&#8220;][vc_column][vc_empty_space height=&#8220;50&#8243;][\/vc_column][\/vc_row][vc_row css_animation=&#8220;&#8220; row_type=&#8220;row&#8220; use_row_as_full_screen_section=&#8220;no&#8220; type=&#8220;full_width&#8220; angled_section=&#8220;no&#8220; text_align=&#8220;left&#8220; background_image_as_pattern=&#8220;without_pattern&#8220; css=&#8220;.vc_custom_1750407283704{padding-top: 30px !important;padding-right: 100px !important;padding-bottom: 30px !important;padding-left: 100px !important;background-color: #FFD200 !important;}&#8220; z_index=&#8220;&#8220;][vc_column width=&#8220;1\/3&#8243; offset=&#8220;vc_hidden-xs&#8220;][vc_column_text]<\/p>\n<h2 style=\"text-align: center;\">Workshops<\/h2>\n<p>[\/vc_column_text][vc_column_text]<\/p>\n<h6 style=\"text-align: center;\">Workshop 1<\/h6>\n<p>[\/vc_column_text][vc_column_text]<\/p>\n<h6 style=\"text-align: center;\">Workshop 2<\/h6>\n<p>[\/vc_column_text][vc_column_text]<\/p>\n<h6 style=\"text-align: center;\">Workshop 3<\/h6>\n<p>[\/vc_column_text][vc_column_text css=&#8220;&#8220;]<\/p>\n<h6 style=\"text-align: center;\">Workshop 4 oder freier Besuch (fakultatif)<\/h6>\n<p>[\/vc_column_text][\/vc_column][vc_column width=&#8220;1\/3&#8243; offset=&#8220;vc_hidden-xs&#8220;][vc_column_text]<\/p>\n<h2 style=\"text-align: center;\">Block 1<\/h2>\n<p>[\/vc_column_text][vc_column_text]<\/p>\n<h6 style=\"text-align: center;\">9h15-9h45<\/h6>\n<p>[\/vc_column_text][vc_column_text]<\/p>\n<h6 style=\"text-align: center;\">10h00-10h30<\/h6>\n<p>[\/vc_column_text][vc_column_text]<\/p>\n<h6 style=\"text-align: center;\">10h45-11h15<\/h6>\n<p>[\/vc_column_text][vc_column_text css=&#8220;&#8220;]<\/p>\n<h6 style=\"text-align: center;\">11h30-12h00<\/h6>\n<p>[\/vc_column_text][\/vc_column][vc_column width=&#8220;1\/3&#8243; offset=&#8220;vc_hidden-xs&#8220;][vc_column_text]<\/p>\n<h2 style=\"text-align: center;\">Block 2<\/h2>\n<p>[\/vc_column_text][vc_column_text]<\/p>\n<h6 style=\"text-align: center;\">13h30-14h00<\/h6>\n<p>[\/vc_column_text][vc_column_text]<\/p>\n<h6 style=\"text-align: center;\">14h15-14h45<\/h6>\n<p>[\/vc_column_text][vc_column_text]<\/p>\n<h6 style=\"text-align: center;\">15h00-15h30<\/h6>\n<p>[\/vc_column_text][vc_column_text css=&#8220;&#8220;]<\/p>\n<h6 style=\"text-align: center;\">15h45-16h15<\/h6>\n<p>[\/vc_column_text][\/vc_column][\/vc_row][vc_row css_animation=&#8220;&#8220; row_type=&#8220;row&#8220; use_row_as_full_screen_section=&#8220;no&#8220; type=&#8220;full_width&#8220; angled_section=&#8220;no&#8220; text_align=&#8220;left&#8220; background_image_as_pattern=&#8220;without_pattern&#8220;][vc_column][vc_empty_space height=&#8220;50&#8243;][\/vc_column][\/vc_row][vc_row css_animation=&#8220;&#8220; row_type=&#8220;row&#8220; use_row_as_full_screen_section=&#8220;no&#8220; type=&#8220;full_width&#8220; angled_section=&#8220;no&#8220; text_align=&#8220;left&#8220; background_image_as_pattern=&#8220;without_pattern&#8220;][vc_column][vc_column_text]<\/p>\n<h1 style=\"text-align: center;\">Informationen zum Transport<\/h1>\n<p>[\/vc_column_text][vc_separator type=&#8220;small&#8220; position=&#8220;center&#8220; color=&#8220;#fc9434&#8243; thickness=&#8220;3&#8243;][vc_column_text]<\/p>\n<h6 style=\"text-align: center;\">Wenn Ihr mit Gruppen von mehr als 10 Personen \u00f6ffentliche Verkehrsmittel benutzen, empfehlen wir Ihnen, im Voraus ein Gruppenticket zu buchen, indem Ihr euch an die entsprechenden Verkehrsbetriebe wendet.<\/h6>\n<p>[\/vc_column_text][vc_empty_space height=&#8220;50&#8243;][\/vc_column][\/vc_row][vc_row css_animation=&#8220;&#8220; row_type=&#8220;row&#8220; use_row_as_full_screen_section=&#8220;no&#8220; type=&#8220;full_width&#8220; angled_section=&#8220;no&#8220; text_align=&#8220;left&#8220; background_image_as_pattern=&#8220;without_pattern&#8220; css=&#8220;.vc_custom_1750407294497{padding-top: 30px !important;padding-right: 30px !important;padding-bottom: 30px !important;padding-left: 30px !important;background-color: #FFD200 !important;}&#8220; z_index=&#8220;&#8220;][vc_column width=&#8220;1\/3&#8243;][vc_column_text]<\/p>\n<h2><img decoding=\"async\" class=\"wp-image-1641 alignnone\" src=\"https:\/\/www.science-festival.lu\/wp-content\/uploads\/2023\/07\/bus-300x300.png\" alt=\"\" width=\"42\" height=\"36\" \/><\/h2>\n<p><strong>Linie AVL 23:<\/strong> Haltestelle Stadgronn Br\u00e9ck<\/p>\n<p><strong>Linie AVL 14 &amp; 15:<\/strong> Haltestelle Clausen\/Rumm<\/p>\n<p>&nbsp;<\/p>\n<h2><img decoding=\"async\" class=\"alignnone wp-image-1642\" src=\"https:\/\/www.science-festival.lu\/wp-content\/uploads\/2023\/07\/train-300x300.png\" alt=\"\" width=\"32\" height=\"30\" \/><\/h2>\n<p><strong>Hauptbahnhof<\/strong> oder Bahnhof <strong>Pfaffenthal-Kirchberg<\/strong>.<br \/>\nDer Grund ist in ca. 15 Minuten zu Fu\u00df erreichbar.[\/vc_column_text][\/vc_column][vc_column width=&#8220;2\/3&#8243;][vc_column_text]<\/p>\n<h2 style=\"text-align: left;\">Sonderbus<\/h2>\n<p style=\"text-align: left;\">Wenn Ihr einen <strong>Sonderbus<\/strong> benutzt, beachtet bitte, da\u00df der Bus nicht in die Rue M\u00fcnster einfahren kann.<br \/>\nBitte entnehmt der folgenden Karte, an welchen Stellen Ihr mit dem Bus halten k\u00f6nnt: : <strong><a href=\"https:\/\/www.science-festival.lu\/wp-content\/uploads\/2023\/09\/plan_bus.pdf\" target=\"_blank\" rel=\"noopener\">Karte<\/a><\/strong>\u00a0(pdf)<\/p>\n<div>\n<p style=\"text-align: left;\">1.\u00a0<strong>Bushaltestelle &#8222;Roosevelt&#8220; vor dem M\u00fcnster (Boulevard Roosevelt)<\/strong>.<br \/>\nGeht zu Fu\u03b2 in den Grund oder benutzt den Aufzug, der das Plateau du Saint-Esprit mit dem Grund verbindet (5 Min.)<\/p>\n<p style=\"text-align: left;\">2. <strong>Bushaltestelle &#8222;Rumm&#8220;, an der Kreuzung der Rue de Tr\u00e8ves und der Rue de la Tour Jacob (Clausen)<\/strong>.<br \/>\nGeht die Rue du Rham hinuntergehen, dann \u00fcber die kleine Br\u00fccke zur Abbaye de Neum\u00fcnster gehen (5 Min.)<\/p>\n<p style=\"text-align: left;\">3.\u00a0<strong>Rue Sigefroi (Mont\u00e9e de Clausen) vor der Huelen Zant.<\/strong><br \/>\nGeht die Stra\u00dfe hinauf, biegt links ab, um an der Corniche entlang zu gehen und dann den Breedewee hinunter (10-15 Min.)<\/p>\n<p style=\"text-align: left;\">4. <strong>Bushaltestelle &#8222;Heinrich Heine&#8220;, neben dem ehemaligen Arcelor Mittal Geb\u00e4ude.<\/strong><br \/>\nGeht den Boulevard de la P\u00e9trusse und dann die Mont\u00e9e de la P\u00e9trusse hinunter (15-20 Min.)<\/p>\n<p style=\"text-align: left;\">5. <strong>Bushaltestelle &#8222;Al Molkerei&#8220; auf dem Boulevard d&#8217;Avranches<\/strong>.<br \/>\nGeht den Boulevard und dann den Mont\u00e9e de la P\u00e9trusse hinunter (10-15 Min.)<\/p>\n<\/div>\n<p>[\/vc_column_text][\/vc_column][\/vc_row][vc_row css_animation=&#8220;&#8220; row_type=&#8220;row&#8220; use_row_as_full_screen_section=&#8220;no&#8220; type=&#8220;full_width&#8220; angled_section=&#8220;no&#8220; text_align=&#8220;left&#8220; background_image_as_pattern=&#8220;without_pattern&#8220;][vc_column][vc_empty_space height=&#8220;50&#8243;][\/vc_column][\/vc_row]<\/p>\n<\/div>","protected":false},"excerpt":{"rendered":"<p>[vc_row css_animation=&#8220;&#8220; row_type=&#8220;row&#8220; use_row_as_full_screen_section=&#8220;no&#8220; type=&#8220;full_width&#8220; angled_section=&#8220;no&#8220; text_align=&#8220;left&#8220; background_image_as_pattern=&#8220;without_pattern&#8220; css=&#8220;.vc_custom_1758544487169{padding-top: 30px !important;padding-right: 30px !important;padding-bottom: 30px !important;padding-left: 30px !important;background-color: #FFD200 !important;}&#8220; z_index=&#8220;&#8220;][vc_column][vc_column_text css=&#8220;&#8220;] 244 Schulklassen und Gruppen nahmen am Science Festival 2025 teil Das entspricht fast 4000 Jugendlichen mit ihren Begleitpersonen. [\/vc_column_text][\/vc_column][\/vc_row][vc_row css_animation=&#8220;&#8220; row_type=&#8220;row&#8220; use_row_as_full_screen_section=&#8220;no&#8220; type=&#8220;full_width&#8220; angled_section=&#8220;no&#8220;&#8230;<\/p>\n","protected":false},"author":1,"featured_media":0,"parent":0,"menu_order":0,"comment_status":"closed","ping_status":"open","template":"","meta":{"footnotes":""},"class_list":["post-373","page","type-page","status-publish","hentry"],"_links":{"self":[{"href":"https:\/\/www.science-festival.lu\/de\/wp-json\/wp\/v2\/pages\/373","targetHints":{"allow":["GET"]}}],"collection":[{"href":"https:\/\/www.science-festival.lu\/de\/wp-json\/wp\/v2\/pages"}],"about":[{"href":"https:\/\/www.science-festival.lu\/de\/wp-json\/wp\/v2\/types\/page"}],"author":[{"embeddable":true,"href":"https:\/\/www.science-festival.lu\/de\/wp-json\/wp\/v2\/users\/1"}],"replies":[{"embeddable":true,"href":"https:\/\/www.science-festival.lu\/de\/wp-json\/wp\/v2\/comments?post=373"}],"version-history":[{"count":396,"href":"https:\/\/www.science-festival.lu\/de\/wp-json\/wp\/v2\/pages\/373\/revisions"}],"predecessor-version":[{"id":2478,"href":"https:\/\/www.science-festival.lu\/de\/wp-json\/wp\/v2\/pages\/373\/revisions\/2478"}],"wp:attachment":[{"href":"https:\/\/www.science-festival.lu\/de\/wp-json\/wp\/v2\/media?parent=373"}],"curies":[{"name":"wp","href":"https:\/\/api.w.org\/{rel}","templated":true}]}}